{"id":5531,"date":"2025-12-12T12:01:11","date_gmt":"2025-12-12T09:01:11","guid":{"rendered":"https:\/\/yildizlarokulu.k12.tr\/?page_id=5531"},"modified":"2025-12-12T12:02:42","modified_gmt":"2025-12-12T09:02:42","slug":"husamettin-aydin","status":"publish","type":"page","link":"https:\/\/nesibeaydin.k12.tr\/web\/husamettin-aydin\/","title":{"rendered":"H\u00fcsamettin AYDIN"},"content":{"rendered":"\t\t<div data-elementor-type=\"wp-page\" data-elementor-id=\"5531\" class=\"elementor elementor-5531\">\n\t\t\t\t\t\t<section class=\"elementor-section elementor-top-section elementor-element elementor-element-fe9ecf5 elementor-section-boxed elementor-section-height-default elementor-section-height-default\" data-id=\"fe9ecf5\" data-element_type=\"section\" data-e-type=\"section\">\n\t\t\t\t\t\t<div class=\"elementor-container elementor-column-gap-default\">\n\t\t\t\t\t<div class=\"elementor-column elementor-col-100 elementor-top-column elementor-element elementor-element-b62f944\" data-id=\"b62f944\" data-element_type=\"column\" data-e-type=\"column\">\n\t\t\t<div class=\"elementor-widget-wrap\">\n\t\t\t\t\t\t\t<\/div>\n\t\t<\/div>\n\t\t\t\t\t<\/div>\n\t\t<\/section>\n\t\t\t\t<section class=\"elementor-section elementor-top-section elementor-element elementor-element-1895fa7 elementor-section-boxed elementor-section-height-default elementor-section-height-default\" data-id=\"1895fa7\" data-element_type=\"section\" data-e-type=\"section\">\n\t\t\t\t\t\t<div class=\"elementor-container elementor-column-gap-default\">\n\t\t\t\t\t<div class=\"elementor-column elementor-col-50 elementor-top-column elementor-element elementor-element-68fac1c\" data-id=\"68fac1c\" data-element_type=\"column\" data-e-type=\"column\">\n\t\t\t<div class=\"elementor-widget-wrap elementor-element-populated\">\n\t\t\t\t\t\t<div class=\"elementor-element elementor-element-4263b33 elementor-widget elementor-widget-image\" data-id=\"4263b33\" data-element_type=\"widget\" data-e-type=\"widget\" data-widget_type=\"image.default\">\n\t\t\t\t<div class=\"elementor-widget-container\">\n\t\t\t\t\t\t\t\t\t\t\t\t\t\t\t<img fetchpriority=\"high\" decoding=\"async\" width=\"400\" height=\"400\" src=\"https:\/\/nesibeaydin.k12.tr\/web\/wp-content\/uploads\/2025\/12\/husamettinaydin-400x400.png\" class=\"attachment-large size-large wp-image-5533\" alt=\"\" srcset=\"https:\/\/nesibeaydin.k12.tr\/web\/wp-content\/uploads\/2025\/12\/husamettinaydin.png 400w, https:\/\/nesibeaydin.k12.tr\/web\/wp-content\/uploads\/2025\/12\/husamettinaydin-150x150.png 150w, https:\/\/nesibeaydin.k12.tr\/web\/wp-content\/uploads\/2025\/12\/husamettinaydin-300x300.png 300w\" sizes=\"(max-width: 400px) 100vw, 400px\" \/>\t\t\t\t\t\t\t\t\t\t\t\t\t\t\t<\/div>\n\t\t\t\t<\/div>\n\t\t\t\t\t<\/div>\n\t\t<\/div>\n\t\t\t\t<div class=\"elementor-column elementor-col-50 elementor-top-column elementor-element elementor-element-1607f14\" data-id=\"1607f14\" data-element_type=\"column\" data-e-type=\"column\">\n\t\t\t<div class=\"elementor-widget-wrap elementor-element-populated\">\n\t\t\t\t\t\t<div class=\"elementor-element elementor-element-b67016d elementor-widget elementor-widget-heading\" data-id=\"b67016d\" data-element_type=\"widget\" data-e-type=\"widget\" data-widget_type=\"heading.default\">\n\t\t\t\t<div class=\"elementor-widget-container\">\n\t\t\t\t\t<h2 class=\"elementor-heading-title elementor-size-default\">H\u00fcsamettin AYDIN\n(1950 - \u221e)\n<\/h2>\t\t\t\t<\/div>\n\t\t\t\t<\/div>\n\t\t\t\t<div class=\"elementor-element elementor-element-630a6eb elementor-widget elementor-widget-text-editor\" data-id=\"630a6eb\" data-element_type=\"widget\" data-e-type=\"widget\" data-widget_type=\"text-editor.default\">\n\t\t\t\t<div class=\"elementor-widget-container\">\n\t\t\t\t\t\t\t\t\t<p>H\u00fcsamettin Ayd\u0131n, 1950 y\u0131l\u0131nda Van\u2019\u0131n \u0130ran s\u0131n\u0131r\u0131nda olan Yanal K\u00f6y\u00fcnde d\u00fcnyaya geldi. \u00dclkenin, co\u011frafyan\u0131n ve zaman\u0131n b\u00fct\u00fcn imk\u00e2ns\u0131zl\u0131klar\u0131na ra\u011fmen, b\u00f6lgenin \u00fcniversite mezunu olan tek \u00e7ocu\u011fu oldu.<\/p><p>Farkl\u0131 dil ve mali yokluklar i\u00e7inde bunu ba\u015farmak \u00f6yle kolay olmad\u0131. Bizlerin \u00e7ocuklar\u0131n\u0131 tek ba\u015f\u0131na markete g\u00f6ndermeye korktu\u011fu ya\u015flarda; k\u00f6y\u00fcnden, annesinden, ailesinden uzakta, Ba\u015fkale\u2019deki akrabalar\u0131n\u0131n yan\u0131nda ilkokul ve ortaokulu okudu. Okul kapand\u0131\u011f\u0131nda ailesine ula\u015fabilmek i\u00e7in karda k\u0131\u015fta saatlerce y\u00fcr\u00fcd\u00fc, karde\u015flerine ald\u0131\u011f\u0131 akide \u015fekerlerini yan\u0131nda g\u00f6t\u00fcrmeyi eksik etmeden.<\/p><p>Lise e\u011fitimini Van\u2019da; \u00fcniversite e\u011fitimini de Erzurum Atat\u00fcrk \u00dcniversitesi \u0130ngiliz Dili ve Edebiyat\u0131 b\u00f6l\u00fcm\u00fcnden mezun olarak tamamlad\u0131.<\/p><p>Lise ve \u00fcniversite e\u011fitimini s\u00fcrd\u00fcrebilmek i\u00e7in yaz tatillerinde \u00e7al\u0131\u015fmas\u0131 gerekiyordu. B\u00f6ylece, demir ustal\u0131\u011f\u0131 yapmay\u0131 da, otelde y\u00f6netici olarak \u00e7al\u0131\u015fmay\u0131 da \u00f6\u011frendi.<\/p><p>Ayd\u0131n, 1975 y\u0131l\u0131nda \u00fcniversiteden mezun olunca, \u0130ngiltere\u2019ye gitmek \u00fczere Ankara\u2019ya gitti. Yurt d\u0131\u015f\u0131na \u00e7\u0131k\u0131\u015f i\u015flemleri uzay\u0131nca, Ankara\u2019da \u00f6zel bir kurumda\u00a0<strong>\u0130ngilizce \u00f6\u011fretmeni<\/strong>\u00a0olarak \u00e7al\u0131\u015fmaya ba\u015flad\u0131. \u00c7al\u0131\u015ft\u0131\u011f\u0131 kurumda tan\u0131\u015ft\u0131\u011f\u0131 matematik \u00f6\u011fretmeni Nesibe Ayd\u0131n ile evlendi ve \u0130ngiltere\u2019ye gitmekten vazge\u00e7ti.<\/p><p>Ayd\u0131n, 1984 y\u0131l\u0131nda, e\u015fi Nesibe Ayd\u0131n\u2019\u0131n yazd\u0131\u011f\u0131\u00a0<strong>Fen Liselerine Haz\u0131rl\u0131k Matematik\u00a0<\/strong>kitab\u0131\u00a0<em>(sekt\u00f6rde ye\u015fil kitap olarak biliniyordu)\u00a0<\/em>ile kendisinin yazd\u0131\u011f\u0131\u00a0<strong>\u0130ngilizce Dil Bilgisi\u00a0<\/strong>kitab\u0131yla\u00a0<strong>Ayd\u0131n Yay\u0131nc\u0131l\u0131\u011f\u0131<\/strong>\u00a0kurdu.<\/p><p>\u0130ngilizce \u00f6\u011fretmenli\u011fiyle birlikte kitap \u00e7al\u0131\u015fmalar\u0131na devam ederken, 1998 y\u0131l\u0131nda, e\u015fi ile birlikte\u00a0<strong>Nesibe Ayd\u0131n Dershanesini<\/strong>\u00a0kurdu. Ard\u0131ndan, 2008 y\u0131l\u0131nda Ankara\u2019n\u0131n G\u00f6lba\u015f\u0131 il\u00e7esindeki 90 d\u00f6n\u00fcml\u00fck devasa arazide\u00a0<strong>Nesibe Ayd\u0131n Okullar\u0131n\u0131n<\/strong>\u00a0temelini att\u0131.<\/p><p>Nesibe Ayd\u0131n Okullar\u0131, T\u00fcrkiye\u2019nin 7 ilinde ve 11 kamp\u00fcs\u00fcnde e\u011fitim-\u00f6\u011fretim vermeye devam ediyor.<\/p><p>H\u00fcsamettin Ayd\u0131n, her alanda \u00e7ok okuyan ve \u00e7ok ara\u015ft\u0131ran, k\u00fclt\u00fcr ve bilgi d\u00fczeyi olduk\u00e7a y\u00fcksek olan bir entelekt\u00fceldi.<\/p><p>Ender say\u0131da ak\u0131ll\u0131 insan\u0131n sahip oldu\u011fu k\u0131vrak bir mizah yetene\u011fine sahipti. \u015eakala\u015fmay\u0131, g\u00fclmeyi ve g\u00fcld\u00fcrmeyi \u00e7ok severdi. Sohbet s\u0131ras\u0131nda yapt\u0131\u011f\u0131 ince esprilerle \u00e7evresindekileri kahkahalara bo\u011fard\u0131.<\/p><p>\u00c7ok zeki bir insand\u0131. Sosyal ve ekonomik geli\u015fmeleri anlama ve f\u0131rsatlar\u0131 de\u011ferlendirme yetene\u011fi \u00fcst d\u00fczeydeydi. Bakmak ve g\u00f6rmek aras\u0131ndaki fark\u0131 onu tan\u0131yanlar daha iyi anlard\u0131.<\/p><p>Ya\u015fad\u0131\u011f\u0131 toplumun dayatt\u0131\u011f\u0131 t\u00fcm ba\u011fnaz ve bask\u0131c\u0131 odaklara inat, her zaman\u00a0<strong>\u00f6zg\u00fcrl\u00fc\u011f\u00fcn, akl\u0131n ve bilimin yolunu se\u00e7ti.<\/strong>\u00a0Ve yazd\u0131.\u00a0<strong>2010 y\u0131l\u0131ndan<\/strong>\u00a0itibaren, \u00f6zg\u00fcrl\u00fck ad\u0131na, e\u015fitlik ad\u0131na, daha iyi bir bug\u00fcn ve yar\u0131n ad\u0131na\u00a0<strong>entelekt\u00fcel birikimini kaleme ald\u0131\u011f\u0131 kitaplar\u0131na aktard\u0131.<\/strong><\/p><p>Hayata g\u00f6zlerini yumdu\u011fu 18 Kas\u0131m 2020 g\u00fcn\u00fc,\u00a0<strong>18 Kas\u0131m H\u00fcsamettin Ayd\u0131n \u00d6zg\u00fcrl\u00fck G\u00fcn\u00fc<\/strong>\u00a0olarak ilan edildi. \u0130lk anma t\u00f6reni, tam da kendisine yak\u0131\u015f\u0131r bir \u015fekilde; k\u00fclt\u00fcr, sanat ve ekonomi paneliyle, 18 Kas\u0131m 2021 Per\u015fembe g\u00fcn\u00fc, b\u00fcy\u00fck bir kat\u0131l\u0131mla ger\u00e7ekle\u015fti. Ruhu \u015fad olsun.<\/p>\t\t\t\t\t\t\t\t<\/div>\n\t\t\t\t<\/div>\n\t\t\t\t\t<\/div>\n\t\t<\/div>\n\t\t\t\t\t<\/div>\n\t\t<\/section>\n\t\t\t\t<\/div>\n\t\t","protected":false},"excerpt":{"rendered":"<p>H\u00fcsamettin AYDIN (1950 &#8211; \u221e) H\u00fcsamettin Ayd\u0131n, 1950 y\u0131l\u0131nda Van\u2019\u0131n \u0130ran s\u0131n\u0131r\u0131nda olan Yanal K\u00f6y\u00fcnde d\u00fcnyaya geldi. \u00dclkenin, co\u011frafyan\u0131n ve zaman\u0131n b\u00fct\u00fcn imk\u00e2ns\u0131zl\u0131klar\u0131na ra\u011fmen, b\u00f6lgenin&nbsp;<a href=\"https:\/\/nesibeaydin.k12.tr\/web\/husamettin-aydin\/\">&hellip;<\/a><\/p>\n","protected":false},"author":1,"featured_media":0,"parent":0,"menu_order":0,"comment_status":"closed","ping_status":"closed","template":"template-fullwidth.php","meta":{"footnotes":""},"class_list":["post-5531","page","type-page","status-publish","hentry","odd"],"_links":{"self":[{"href":"https:\/\/nesibeaydin.k12.tr\/web\/wp-json\/wp\/v2\/pages\/5531","targetHints":{"allow":["GET"]}}],"collection":[{"href":"https:\/\/nesibeaydin.k12.tr\/web\/wp-json\/wp\/v2\/pages"}],"about":[{"href":"https:\/\/nesibeaydin.k12.tr\/web\/wp-json\/wp\/v2\/types\/page"}],"author":[{"embeddable":true,"href":"https:\/\/nesibeaydin.k12.tr\/web\/wp-json\/wp\/v2\/users\/1"}],"replies":[{"embeddable":true,"href":"https:\/\/nesibeaydin.k12.tr\/web\/wp-json\/wp\/v2\/comments?post=5531"}],"version-history":[{"count":4,"href":"https:\/\/nesibeaydin.k12.tr\/web\/wp-json\/wp\/v2\/pages\/5531\/revisions"}],"predecessor-version":[{"id":5536,"href":"https:\/\/nesibeaydin.k12.tr\/web\/wp-json\/wp\/v2\/pages\/5531\/revisions\/5536"}],"wp:attachment":[{"href":"https:\/\/nesibeaydin.k12.tr\/web\/wp-json\/wp\/v2\/media?parent=5531"}],"curies":[{"name":"wp","href":"https:\/\/api.w.org\/{rel}","templated":true}]}}